{"id":79,"date":"2019-07-08T14:32:38","date_gmt":"2019-07-08T12:32:38","guid":{"rendered":"http:\/\/www.lesptitsmatins.fr\/?page_id=79"},"modified":"2024-01-24T10:12:05","modified_gmt":"2024-01-24T09:12:05","slug":"a-propos-des-ptits-matins","status":"publish","type":"page","link":"https:\/\/www.lesptitsmatins.fr\/index.php\/a-propos-des-ptits-matins\/","title":{"rendered":"A propos de"},"content":{"rendered":"\n<div class=\"wp-block-image\"><figure class=\"aligncenter is-resized\"><img loading=\"lazy\" src=\"http:\/\/www.lesptitsmatins.fr\/wp-content\/uploads\/2021\/09\/logo-lpm-01-1024x430.jpeg\" alt=\"\" class=\"wp-image-266\" width=\"405\" height=\"170\"\/><\/figure><\/div>\n\n\n\n<p class=\"has-drop-cap\">L&rsquo;association Parler \u00e0 d\u2019Autres, qui g\u00e8re le lieu d&rsquo;accueil <a href=\"http:\/\/lesptitslesgrands.paris\/\" target=\"_blank\" rel=\"noreferrer noopener\">Les P\u2019tits, les Grands<\/a> propose d\u00e9sormais les P&rsquo;tits Matins, un accueil d\u00e9di\u00e9 aux enfants de 0 \u00e0 6 ans en situation de handicap ou \u00e0 besoins sp\u00e9cifiques et leurs parents.<\/p>\n\n\n\n<p>Les P&rsquo;tits Matins a \u00e9t\u00e9 cr\u00e9\u00e9 et articul\u00e9 autour d&rsquo;id\u00e9es, d&rsquo;exp\u00e9riences, de paroles de familles et d&rsquo;accueillants confront\u00e9s aux difficult\u00e9s et aux questions autour de la diff\u00e9rence.<\/p>\n\n\n\n<p>Il s&rsquo;agit d&rsquo;un lieu pour partager avec d&rsquo;autres, un lieu vivant pour se poser, jouer et regarder son enfant \u00e9voluer, un lieu ouvert o\u00f9 l&rsquo;on vient et dont on part quand on le veut, un lieu diff\u00e9rent, distinct des services m\u00e9dicaux, des cr\u00e8ches, des \u00e9coles&#8230;<\/p>\n\n\n\n<p>Accueil singulier, passerelle vers d&rsquo;autres possibles, les P&rsquo;tits Matins sont ouverts tous les <strong>mercredis<\/strong> et <strong>samedis <\/strong>de <strong>9h30 \u00e0 12<\/strong> <strong>heures<\/strong> au 5 rue de la Boule Rouge 75009 Paris.<\/p>\n\n\n\n<p>Un lieu d&rsquo;accueil libre, anonyme, gratuit et sans inscription.<\/p>\n\n\n\n<p>Cet accueil \u00e9tait Financ\u00e9 par la <a href=\"https:\/\/www.paris.fr\/petite-enfance\">Ville de Paris<\/a> et la <a href=\"https:\/\/demarchesadministratives.fr\/caf-allocations-familiales\/paris-9eme-arrondissement-75009\">CAF<\/a>. <\/p>\n\n\n\n<p><\/p>\n\n\n\n<figure class=\"wp-block-image is-resized\"><img loading=\"lazy\" src=\"http:\/\/www.lesptitsmatins.fr\/wp-content\/uploads\/2019\/07\/lpm-103.jpg\" alt=\"\" class=\"wp-image-78\" width=\"536\" height=\"430\" srcset=\"https:\/\/www.lesptitsmatins.fr\/wp-content\/uploads\/2019\/07\/lpm-103.jpg 667w, https:\/\/www.lesptitsmatins.fr\/wp-content\/uploads\/2019\/07\/lpm-103-300x241.jpg 300w\" sizes=\"(max-width: 536px) 100vw, 536px\" \/><\/figure>\n","protected":false},"excerpt":{"rendered":"<p>L&rsquo;association Parler \u00e0 d\u2019Autres, qui g\u00e8re le lieu d&rsquo;accueil Les P\u2019tits, les Grands propose d\u00e9sormais les P&rsquo;tits Matins, un accueil d\u00e9di\u00e9 aux enfants de 0 \u00e0 6 ans en situation de handicap ou \u00e0 besoins sp\u00e9cifiques et leurs parents. Les P&rsquo;tits Matins a \u00e9t\u00e9 cr\u00e9\u00e9 et articul\u00e9 autour d&rsquo;id\u00e9es, d&rsquo;exp\u00e9riences, de paroles de familles et &hellip; <\/p>\n<p class=\"link-more\"><a href=\"https:\/\/www.lesptitsmatins.fr\/index.php\/a-propos-des-ptits-matins\/\" class=\"more-link\">Continuer la lecture<span class=\"screen-reader-text\"> de &laquo;&nbsp;A propos de&nbsp;&raquo;<\/span><\/a><\/p>\n","protected":false},"author":1,"featured_media":0,"parent":0,"menu_order":0,"comment_status":"closed","ping_status":"closed","template":"","meta":[],"yoast_head":"<!-- This site is optimized with the Yoast SEO plugin v19.13 - https:\/\/yoast.com\/wordpress\/plugins\/seo\/ -->\n<title>A propos de - Les P&#039;tits Matins<\/title>\n<meta name=\"description\" content=\"Association Parler \u00e0 d&#039;Autres, le laep les p&#039;tits matins accueille des enfants de 0-6 ans en situation de handicap, besoin sp\u00e9cifique. malentendant, non voyant, LSF, autisme, trisomie, TED, inclusion, cr\u00e8che, \u00e9cole, 75009, paris, caf, dfpe, handicap.fr; lespetitsmatins.fr, lesptitsmatins.fr, paris neuf, maternelle, jeux, que faire avec mon b\u00e9b\u00e9, que faire avec mon enfant, \u00e9ducation sp\u00e9cialis\u00e9e, cr\u00e8che, halte garderie, mode de garde, nounou, assistantes maternelle, auxiliaires parentales,\" \/>\n<meta name=\"robots\" content=\"index, follow, max-snippet:-1, max-image-preview:large, max-video-preview:-1\" \/>\n<link rel=\"canonical\" href=\"https:\/\/www.lesptitsmatins.fr\/index.php\/a-propos-des-ptits-matins\/\" \/>\n<meta property=\"og:locale\" content=\"fr_FR\" \/>\n<meta property=\"og:type\" content=\"article\" \/>\n<meta property=\"og:title\" content=\"A propos de - Les P&#039;tits Matins\" \/>\n<meta property=\"og:description\" content=\"Association Parler \u00e0 d&#039;Autres, le laep les p&#039;tits matins accueille des enfants de 0-6 ans en situation de handicap, besoin sp\u00e9cifique. malentendant, non voyant, LSF, autisme, trisomie, TED, inclusion, cr\u00e8che, \u00e9cole, 75009, paris, caf, dfpe, handicap.fr; lespetitsmatins.fr, lesptitsmatins.fr, paris neuf, maternelle, jeux, que faire avec mon b\u00e9b\u00e9, que faire avec mon enfant, \u00e9ducation sp\u00e9cialis\u00e9e, cr\u00e8che, halte garderie, mode de garde, nounou, assistantes maternelle, auxiliaires parentales,\" \/>\n<meta property=\"og:url\" content=\"https:\/\/www.lesptitsmatins.fr\/index.php\/a-propos-des-ptits-matins\/\" \/>\n<meta property=\"og:site_name\" content=\"Les P&#039;tits Matins\" \/>\n<meta property=\"article:modified_time\" content=\"2024-01-24T09:12:05+00:00\" \/>\n<meta property=\"og:image\" content=\"http:\/\/www.lesptitsmatins.fr\/wp-content\/uploads\/2021\/09\/logo-lpm-01-1024x430.jpeg\" \/>\n<meta name=\"twitter:card\" content=\"summary_large_image\" \/>\n<meta name=\"twitter:label1\" content=\"Dur\u00e9e de lecture est.\" \/>\n\t<meta name=\"twitter:data1\" content=\"2 minutes\" \/>\n<script type=\"application\/ld+json\" class=\"yoast-schema-graph\">{\"@context\":\"https:\/\/schema.org\",\"@graph\":[{\"@type\":\"WebPage\",\"@id\":\"https:\/\/www.lesptitsmatins.fr\/index.php\/a-propos-des-ptits-matins\/\",\"url\":\"https:\/\/www.lesptitsmatins.fr\/index.php\/a-propos-des-ptits-matins\/\",\"name\":\"A propos de - Les P&#039;tits Matins\",\"isPartOf\":{\"@id\":\"https:\/\/www.lesptitsmatins.fr\/#website\"},\"datePublished\":\"2019-07-08T12:32:38+00:00\",\"dateModified\":\"2024-01-24T09:12:05+00:00\",\"description\":\"Association Parler \u00e0 d'Autres, le laep les p'tits matins accueille des enfants de 0-6 ans en situation de handicap, besoin sp\u00e9cifique. malentendant, non voyant, LSF, autisme, trisomie, TED, inclusion, cr\u00e8che, \u00e9cole, 75009, paris, caf, dfpe, handicap.fr; lespetitsmatins.fr, lesptitsmatins.fr, paris neuf, maternelle, jeux, que faire avec mon b\u00e9b\u00e9, que faire avec mon enfant, \u00e9ducation sp\u00e9cialis\u00e9e, cr\u00e8che, halte garderie, mode de garde, nounou, assistantes maternelle, auxiliaires parentales,\",\"breadcrumb\":{\"@id\":\"https:\/\/www.lesptitsmatins.fr\/index.php\/a-propos-des-ptits-matins\/#breadcrumb\"},\"inLanguage\":\"fr-BE\",\"potentialAction\":[{\"@type\":\"ReadAction\",\"target\":[\"https:\/\/www.lesptitsmatins.fr\/index.php\/a-propos-des-ptits-matins\/\"]}]},{\"@type\":\"BreadcrumbList\",\"@id\":\"https:\/\/www.lesptitsmatins.fr\/index.php\/a-propos-des-ptits-matins\/#breadcrumb\",\"itemListElement\":[{\"@type\":\"ListItem\",\"position\":1,\"name\":\"Accueil\",\"item\":\"https:\/\/www.lesptitsmatins.fr\/\"},{\"@type\":\"ListItem\",\"position\":2,\"name\":\"A propos de\"}]},{\"@type\":\"WebSite\",\"@id\":\"https:\/\/www.lesptitsmatins.fr\/#website\",\"url\":\"https:\/\/www.lesptitsmatins.fr\/\",\"name\":\"Les Ptits Matins\",\"description\":\"Un lieu d&#039;accueil pour enfants en situation de handicap et leurs parents\",\"potentialAction\":[{\"@type\":\"SearchAction\",\"target\":{\"@type\":\"EntryPoint\",\"urlTemplate\":\"https:\/\/www.lesptitsmatins.fr\/?s={search_term_string}\"},\"query-input\":\"required name=search_term_string\"}],\"inLanguage\":\"fr-BE\"}]}<\/script>\n<!-- \/ Yoast SEO plugin. -->","yoast_head_json":{"title":"A propos de - Les P&#039;tits Matins","description":"Association Parler \u00e0 d'Autres, le laep les p'tits matins accueille des enfants de 0-6 ans en situation de handicap, besoin sp\u00e9cifique. malentendant, non voyant, LSF, autisme, trisomie, TED, inclusion, cr\u00e8che, \u00e9cole, 75009, paris, caf, dfpe, handicap.fr; lespetitsmatins.fr, lesptitsmatins.fr, paris neuf, maternelle, jeux, que faire avec mon b\u00e9b\u00e9, que faire avec mon enfant, \u00e9ducation sp\u00e9cialis\u00e9e, cr\u00e8che, halte garderie, mode de garde, nounou, assistantes maternelle, auxiliaires parentales,","robots":{"index":"index","follow":"follow","max-snippet":"max-snippet:-1","max-image-preview":"max-image-preview:large","max-video-preview":"max-video-preview:-1"},"canonical":"https:\/\/www.lesptitsmatins.fr\/index.php\/a-propos-des-ptits-matins\/","og_locale":"fr_FR","og_type":"article","og_title":"A propos de - Les P&#039;tits Matins","og_description":"Association Parler \u00e0 d'Autres, le laep les p'tits matins accueille des enfants de 0-6 ans en situation de handicap, besoin sp\u00e9cifique. malentendant, non voyant, LSF, autisme, trisomie, TED, inclusion, cr\u00e8che, \u00e9cole, 75009, paris, caf, dfpe, handicap.fr; lespetitsmatins.fr, lesptitsmatins.fr, paris neuf, maternelle, jeux, que faire avec mon b\u00e9b\u00e9, que faire avec mon enfant, \u00e9ducation sp\u00e9cialis\u00e9e, cr\u00e8che, halte garderie, mode de garde, nounou, assistantes maternelle, auxiliaires parentales,","og_url":"https:\/\/www.lesptitsmatins.fr\/index.php\/a-propos-des-ptits-matins\/","og_site_name":"Les P&#039;tits Matins","article_modified_time":"2024-01-24T09:12:05+00:00","og_image":[{"url":"http:\/\/www.lesptitsmatins.fr\/wp-content\/uploads\/2021\/09\/logo-lpm-01-1024x430.jpeg"}],"twitter_card":"summary_large_image","twitter_misc":{"Dur\u00e9e de lecture est.":"2 minutes"},"schema":{"@context":"https:\/\/schema.org","@graph":[{"@type":"WebPage","@id":"https:\/\/www.lesptitsmatins.fr\/index.php\/a-propos-des-ptits-matins\/","url":"https:\/\/www.lesptitsmatins.fr\/index.php\/a-propos-des-ptits-matins\/","name":"A propos de - Les P&#039;tits Matins","isPartOf":{"@id":"https:\/\/www.lesptitsmatins.fr\/#website"},"datePublished":"2019-07-08T12:32:38+00:00","dateModified":"2024-01-24T09:12:05+00:00","description":"Association Parler \u00e0 d'Autres, le laep les p'tits matins accueille des enfants de 0-6 ans en situation de handicap, besoin sp\u00e9cifique. malentendant, non voyant, LSF, autisme, trisomie, TED, inclusion, cr\u00e8che, \u00e9cole, 75009, paris, caf, dfpe, handicap.fr; lespetitsmatins.fr, lesptitsmatins.fr, paris neuf, maternelle, jeux, que faire avec mon b\u00e9b\u00e9, que faire avec mon enfant, \u00e9ducation sp\u00e9cialis\u00e9e, cr\u00e8che, halte garderie, mode de garde, nounou, assistantes maternelle, auxiliaires parentales,","breadcrumb":{"@id":"https:\/\/www.lesptitsmatins.fr\/index.php\/a-propos-des-ptits-matins\/#breadcrumb"},"inLanguage":"fr-BE","potentialAction":[{"@type":"ReadAction","target":["https:\/\/www.lesptitsmatins.fr\/index.php\/a-propos-des-ptits-matins\/"]}]},{"@type":"BreadcrumbList","@id":"https:\/\/www.lesptitsmatins.fr\/index.php\/a-propos-des-ptits-matins\/#breadcrumb","itemListElement":[{"@type":"ListItem","position":1,"name":"Accueil","item":"https:\/\/www.lesptitsmatins.fr\/"},{"@type":"ListItem","position":2,"name":"A propos de"}]},{"@type":"WebSite","@id":"https:\/\/www.lesptitsmatins.fr\/#website","url":"https:\/\/www.lesptitsmatins.fr\/","name":"Les Ptits Matins","description":"Un lieu d&#039;accueil pour enfants en situation de handicap et leurs parents","potentialAction":[{"@type":"SearchAction","target":{"@type":"EntryPoint","urlTemplate":"https:\/\/www.lesptitsmatins.fr\/?s={search_term_string}"},"query-input":"required name=search_term_string"}],"inLanguage":"fr-BE"}]}},"_links":{"self":[{"href":"https:\/\/www.lesptitsmatins.fr\/index.php\/wp-json\/wp\/v2\/pages\/79"}],"collection":[{"href":"https:\/\/www.lesptitsmatins.fr\/index.php\/wp-json\/wp\/v2\/pages"}],"about":[{"href":"https:\/\/www.lesptitsmatins.fr\/index.php\/wp-json\/wp\/v2\/types\/page"}],"author":[{"embeddable":true,"href":"https:\/\/www.lesptitsmatins.fr\/index.php\/wp-json\/wp\/v2\/users\/1"}],"replies":[{"embeddable":true,"href":"https:\/\/www.lesptitsmatins.fr\/index.php\/wp-json\/wp\/v2\/comments?post=79"}],"version-history":[{"count":18,"href":"https:\/\/www.lesptitsmatins.fr\/index.php\/wp-json\/wp\/v2\/pages\/79\/revisions"}],"predecessor-version":[{"id":369,"href":"https:\/\/www.lesptitsmatins.fr\/index.php\/wp-json\/wp\/v2\/pages\/79\/revisions\/369"}],"wp:attachment":[{"href":"https:\/\/www.lesptitsmatins.fr\/index.php\/wp-json\/wp\/v2\/media?parent=79"}],"curies":[{"name":"wp","href":"https:\/\/api.w.org\/{rel}","templated":true}]}}